{"id":214,"date":"2018-12-23T14:35:32","date_gmt":"2018-12-23T13:35:32","guid":{"rendered":"https:\/\/mvgrombach.de\/bigband\/?page_id=214"},"modified":"2025-11-08T20:10:53","modified_gmt":"2025-11-08T19:10:53","slug":"geschichte","status":"publish","type":"page","link":"https:\/\/mvgrombach.de\/bigband\/geschichte\/","title":{"rendered":"Geschichte"},"content":{"rendered":"\t\t<div data-elementor-type=\"wp-post\" data-elementor-id=\"214\" class=\"elementor elementor-214\">\n\t\t\t\t\t\t<section class=\"elementor-section elementor-top-section elementor-element elementor-element-75a062b elementor-section-boxed elementor-section-height-default elementor-section-height-default\" data-id=\"75a062b\" data-element_type=\"section\">\n\t\t\t\t\t\t<div class=\"elementor-container elementor-column-gap-default\">\n\t\t\t\t\t<div class=\"elementor-column elementor-col-100 elementor-top-column elementor-element elementor-element-4deec33\" data-id=\"4deec33\" data-element_type=\"column\">\n\t\t\t<div class=\"elementor-widget-wrap elementor-element-populated\">\n\t\t\t\t\t\t<div class=\"elementor-element elementor-element-5910afa elementor-widget elementor-widget-heading\" data-id=\"5910afa\" data-element_type=\"widget\" data-widget_type=\"heading.default\">\n\t\t\t\t<div class=\"elementor-widget-container\">\n\t\t\t<h2 class=\"elementor-heading-title elementor-size-default\">Geschichte der MVG Big Band<\/h2>\t\t<\/div>\n\t\t\t\t<\/div>\n\t\t\t\t\t<\/div>\n\t\t<\/div>\n\t\t\t\t\t<\/div>\n\t\t<\/section>\n\t\t\t\t<section class=\"elementor-section elementor-top-section elementor-element elementor-element-883d14c elementor-section-stretched elementor-section-boxed elementor-section-height-default elementor-section-height-default\" data-id=\"883d14c\" data-element_type=\"section\" data-settings=\"{&quot;stretch_section&quot;:&quot;section-stretched&quot;}\">\n\t\t\t\t\t\t<div class=\"elementor-container elementor-column-gap-default\">\n\t\t\t\t\t<div class=\"elementor-column elementor-col-50 elementor-top-column elementor-element elementor-element-44e8b60\" data-id=\"44e8b60\" data-element_type=\"column\">\n\t\t\t<div class=\"elementor-widget-wrap elementor-element-populated\">\n\t\t\t\t\t\t<div class=\"elementor-element elementor-element-86c3336 elementor-widget elementor-widget-heading\" data-id=\"86c3336\" data-element_type=\"widget\" data-widget_type=\"heading.default\">\n\t\t\t\t<div class=\"elementor-widget-container\">\n\t\t\t<h3 class=\"elementor-heading-title elementor-size-default\">Die ersten Jahre<\/h3>\t\t<\/div>\n\t\t\t\t<\/div>\n\t\t\t\t<div class=\"elementor-element elementor-element-e6a9b68 elementor-widget elementor-widget-text-editor\" data-id=\"e6a9b68\" data-element_type=\"widget\" data-widget_type=\"text-editor.default\">\n\t\t\t\t<div class=\"elementor-widget-container\">\n\t\t\t\t\t\t\t<p>Anfang 2012 begann die MVG Big Band mit der Probenarbeit. Dabei ging es zun\u00e4chst darum, sich an die Big Band Besetzung, die Stilistik und das Improvisieren zu gew\u00f6hnen.<br \/>Im September 2012 hatte die Big Band dann ihren ersten \u00f6ffentlichen Auftritt bei einem gemeinsamen Fr\u00fchkonzert mit dem MVG Jugendorchester.<\/p><p>Schon im Jahr 2013 durfte die Big Band sich im Rahmen von Kulinarissimo erstmals au\u00dferhalb von Grombach pr\u00e4sentieren.<br \/>W\u00e4hrend wir uns in den ersten Jahren in erster Linie auf den Swing und Blues konzentrierten, haben wir danach angefangen, die Stilrichtungen immer mehr zu erweitern. Neben den Rocknummern und Balladen kamen schon bald die ersten lateinamerikanischen Rhythmen dazu.<\/p>\t\t\t\t\t\t<\/div>\n\t\t\t\t<\/div>\n\t\t\t\t\t<\/div>\n\t\t<\/div>\n\t\t\t\t<div class=\"elementor-column elementor-col-50 elementor-top-column elementor-element elementor-element-7c85dd5\" data-id=\"7c85dd5\" data-element_type=\"column\">\n\t\t\t<div class=\"elementor-widget-wrap elementor-element-populated\">\n\t\t\t\t\t\t<div class=\"elementor-element elementor-element-97f260b elementor-widget elementor-widget-image\" data-id=\"97f260b\" data-element_type=\"widget\" data-widget_type=\"image.default\">\n\t\t\t\t<div class=\"elementor-widget-container\">\n\t\t\t\t\t\t\t\t\t\t<figure class=\"wp-caption\">\n\t\t\t\t\t\t\t\t\t\t\t<a href=\"https:\/\/mvgrombach.de\/bigband\/wp-content\/uploads\/2018\/12\/Big_Band.jpg\" data-elementor-open-lightbox=\"yes\" data-elementor-lightbox-title=\"Big Band bei der Gr\u00fcndung\" data-e-action-hash=\"#elementor-action%3Aaction%3Dlightbox%26settings%3DeyJpZCI6MjE4LCJ1cmwiOiJodHRwczpcL1wvbXZncm9tYmFjaC5kZVwvYmlnYmFuZFwvd3AtY29udGVudFwvdXBsb2Fkc1wvMjAxOFwvMTJcL0JpZ19CYW5kLmpwZyJ9\">\n\t\t\t\t\t\t\t<img fetchpriority=\"high\" decoding=\"async\" width=\"1024\" height=\"683\" src=\"https:\/\/mvgrombach.de\/bigband\/wp-content\/uploads\/2018\/12\/Big_Band-1024x683.jpg\" class=\"attachment-large size-large wp-image-218\" alt=\"\" srcset=\"https:\/\/mvgrombach.de\/bigband\/wp-content\/uploads\/2018\/12\/Big_Band-1024x683.jpg 1024w, https:\/\/mvgrombach.de\/bigband\/wp-content\/uploads\/2018\/12\/Big_Band-300x200.jpg 300w, https:\/\/mvgrombach.de\/bigband\/wp-content\/uploads\/2018\/12\/Big_Band-768x512.jpg 768w, https:\/\/mvgrombach.de\/bigband\/wp-content\/uploads\/2018\/12\/Big_Band-830x553.jpg 830w, https:\/\/mvgrombach.de\/bigband\/wp-content\/uploads\/2018\/12\/Big_Band-230x153.jpg 230w, https:\/\/mvgrombach.de\/bigband\/wp-content\/uploads\/2018\/12\/Big_Band-350x233.jpg 350w, https:\/\/mvgrombach.de\/bigband\/wp-content\/uploads\/2018\/12\/Big_Band-480x320.jpg 480w, https:\/\/mvgrombach.de\/bigband\/wp-content\/uploads\/2018\/12\/Big_Band.jpg 1080w\" sizes=\"(max-width: 1024px) 100vw, 1024px\" \/>\t\t\t\t\t\t\t\t<\/a>\n\t\t\t\t\t\t\t\t\t\t\t<figcaption class=\"widget-image-caption wp-caption-text\">Die MVG Big Band bei ihrem ersten Auftritt im Jahre 2012<\/figcaption>\n\t\t\t\t\t\t\t\t\t\t<\/figure>\n\t\t\t\t\t\t\t<\/div>\n\t\t\t\t<\/div>\n\t\t\t\t\t<\/div>\n\t\t<\/div>\n\t\t\t\t\t<\/div>\n\t\t<\/section>\n\t\t\t\t<section class=\"elementor-section elementor-top-section elementor-element elementor-element-fe840f8 elementor-section-stretched elementor-section-boxed elementor-section-height-default elementor-section-height-default\" data-id=\"fe840f8\" data-element_type=\"section\" data-settings=\"{&quot;stretch_section&quot;:&quot;section-stretched&quot;,&quot;background_background&quot;:&quot;classic&quot;}\">\n\t\t\t\t\t\t<div class=\"elementor-container elementor-column-gap-default\">\n\t\t\t\t\t<div class=\"elementor-column elementor-col-50 elementor-top-column elementor-element elementor-element-13b4c2f\" data-id=\"13b4c2f\" data-element_type=\"column\">\n\t\t\t<div class=\"elementor-widget-wrap elementor-element-populated\">\n\t\t\t\t\t\t<div class=\"elementor-element elementor-element-0229b85 elementor-widget elementor-widget-image\" data-id=\"0229b85\" data-element_type=\"widget\" data-widget_type=\"image.default\">\n\t\t\t\t<div class=\"elementor-widget-container\">\n\t\t\t\t\t\t\t\t\t\t<figure class=\"wp-caption\">\n\t\t\t\t\t\t\t\t\t\t\t<a href=\"https:\/\/mvgrombach.de\/bigband\/wp-content\/uploads\/2018\/12\/IMG_1167_web.jpg\" data-elementor-open-lightbox=\"yes\" data-elementor-lightbox-title=\"Duett: Pamela und Thomas\" data-e-action-hash=\"#elementor-action%3Aaction%3Dlightbox%26settings%3DeyJpZCI6MjE5LCJ1cmwiOiJodHRwczpcL1wvbXZncm9tYmFjaC5kZVwvYmlnYmFuZFwvd3AtY29udGVudFwvdXBsb2Fkc1wvMjAxOFwvMTJcL0lNR18xMTY3X3dlYi5qcGcifQ%3D%3D\">\n\t\t\t\t\t\t\t<img decoding=\"async\" width=\"1024\" height=\"682\" src=\"https:\/\/mvgrombach.de\/bigband\/wp-content\/uploads\/2018\/12\/IMG_1167_web-1024x682.jpg\" class=\"attachment-large size-large wp-image-219\" alt=\"\" srcset=\"https:\/\/mvgrombach.de\/bigband\/wp-content\/uploads\/2018\/12\/IMG_1167_web-1024x682.jpg 1024w, https:\/\/mvgrombach.de\/bigband\/wp-content\/uploads\/2018\/12\/IMG_1167_web-300x200.jpg 300w, https:\/\/mvgrombach.de\/bigband\/wp-content\/uploads\/2018\/12\/IMG_1167_web-768x512.jpg 768w, https:\/\/mvgrombach.de\/bigband\/wp-content\/uploads\/2018\/12\/IMG_1167_web-830x553.jpg 830w, https:\/\/mvgrombach.de\/bigband\/wp-content\/uploads\/2018\/12\/IMG_1167_web-230x153.jpg 230w, https:\/\/mvgrombach.de\/bigband\/wp-content\/uploads\/2018\/12\/IMG_1167_web-350x233.jpg 350w, https:\/\/mvgrombach.de\/bigband\/wp-content\/uploads\/2018\/12\/IMG_1167_web-480x320.jpg 480w, https:\/\/mvgrombach.de\/bigband\/wp-content\/uploads\/2018\/12\/IMG_1167_web.jpg 1600w\" sizes=\"(max-width: 1024px) 100vw, 1024px\" \/>\t\t\t\t\t\t\t\t<\/a>\n\t\t\t\t\t\t\t\t\t\t\t<figcaption class=\"widget-image-caption wp-caption-text\">Pamela Braccia im Duett mit Thomas Roth<\/figcaption>\n\t\t\t\t\t\t\t\t\t\t<\/figure>\n\t\t\t\t\t\t\t<\/div>\n\t\t\t\t<\/div>\n\t\t\t\t\t<\/div>\n\t\t<\/div>\n\t\t\t\t<div class=\"elementor-column elementor-col-50 elementor-top-column elementor-element elementor-element-724c01c\" data-id=\"724c01c\" data-element_type=\"column\">\n\t\t\t<div class=\"elementor-widget-wrap elementor-element-populated\">\n\t\t\t\t\t\t<div class=\"elementor-element elementor-element-44c9334 elementor-widget elementor-widget-heading\" data-id=\"44c9334\" data-element_type=\"widget\" data-widget_type=\"heading.default\">\n\t\t\t\t<div class=\"elementor-widget-container\">\n\t\t\t<h3 class=\"elementor-heading-title elementor-size-default\">Mit Gesang sind wir noch vielseitiger<\/h3>\t\t<\/div>\n\t\t\t\t<\/div>\n\t\t\t\t<div class=\"elementor-element elementor-element-0a10782 elementor-widget elementor-widget-text-editor\" data-id=\"0a10782\" data-element_type=\"widget\" data-widget_type=\"text-editor.default\">\n\t\t\t\t<div class=\"elementor-widget-container\">\n\t\t\t\t\t\t\t<p>Im Januar 2014 wagten wir uns an die ersten Gesangsnummern, nachdem wir Kristina Eroglu als S\u00e4ngerin f\u00fcr unsere Big Band gewinnen konnten. Das hob die Qualit\u00e4t unseres Programms auf eine neue Stufe, das bis dahin nur aus Instrumentalnummern bestand.<\/p><p>Nachdem Kristina zwei Jahre unsere Auftritte mit ihrer Stimme bereichert hat, trat Anfang 2016 unsere aktuelle S\u00e4ngerin Pamela Braccia in Kristinas Fu\u00dfstapfen.<\/p><p>Zus\u00e4tzlich erweiterten wir immer weiter die Vielseitigkeit unseres Programms. Neben Gesangsnummern hielten auch weitere Stilistiken wie Rock und Gospel Einzug in unser Repertoire.<\/p>\t\t\t\t\t\t<\/div>\n\t\t\t\t<\/div>\n\t\t\t\t\t<\/div>\n\t\t<\/div>\n\t\t\t\t\t<\/div>\n\t\t<\/section>\n\t\t\t\t<section class=\"elementor-section elementor-top-section elementor-element elementor-element-41e3abf elementor-section-stretched elementor-section-boxed elementor-section-height-default elementor-section-height-default\" data-id=\"41e3abf\" data-element_type=\"section\" data-settings=\"{&quot;stretch_section&quot;:&quot;section-stretched&quot;}\">\n\t\t\t\t\t\t<div class=\"elementor-container elementor-column-gap-default\">\n\t\t\t\t\t<div class=\"elementor-column elementor-col-50 elementor-top-column elementor-element elementor-element-bfc6046\" data-id=\"bfc6046\" data-element_type=\"column\">\n\t\t\t<div class=\"elementor-widget-wrap elementor-element-populated\">\n\t\t\t\t\t\t<div class=\"elementor-element elementor-element-621b0c2 elementor-widget elementor-widget-heading\" data-id=\"621b0c2\" data-element_type=\"widget\" data-widget_type=\"heading.default\">\n\t\t\t\t<div class=\"elementor-widget-container\">\n\t\t\t<h3 class=\"elementor-heading-title elementor-size-default\">Das erste eigene Konzert<\/h3>\t\t<\/div>\n\t\t\t\t<\/div>\n\t\t\t\t<div class=\"elementor-element elementor-element-9d5e482 elementor-widget elementor-widget-text-editor\" data-id=\"9d5e482\" data-element_type=\"widget\" data-widget_type=\"text-editor.default\">\n\t\t\t\t<div class=\"elementor-widget-container\">\n\t\t\t\t\t\t\t<p>Im Oktober 2015 fand das erste Big Band Doppelkonzert in der Grombacher Schlo\u00dfberghalle statt. Gemeinsam mit der Abbey Road Big Band aus Ornbau bereiteten wir den zahlreich erschienenen Zuh\u00f6rern einen unvergesslichen Abend.<\/p><p>Aufgrund der vielen positiven R\u00fcckmeldungen wurde dieses Doppelkonzert in den Jahren 2017 und 2019 wiederholt.<\/p>\t\t\t\t\t\t<\/div>\n\t\t\t\t<\/div>\n\t\t\t\t\t<\/div>\n\t\t<\/div>\n\t\t\t\t<div class=\"elementor-column elementor-col-50 elementor-top-column elementor-element elementor-element-e2767f8\" data-id=\"e2767f8\" data-element_type=\"column\">\n\t\t\t<div class=\"elementor-widget-wrap elementor-element-populated\">\n\t\t\t\t\t\t<div class=\"elementor-element elementor-element-6ab7e7d elementor-widget elementor-widget-image\" data-id=\"6ab7e7d\" data-element_type=\"widget\" data-widget_type=\"image.default\">\n\t\t\t\t<div class=\"elementor-widget-container\">\n\t\t\t\t\t\t\t\t\t\t<figure class=\"wp-caption\">\n\t\t\t\t\t\t\t\t\t\t\t<a href=\"https:\/\/mvgrombach.de\/bigband\/wp-content\/uploads\/2018\/12\/IMG_1132_web.jpg\" data-elementor-open-lightbox=\"yes\" data-elementor-lightbox-title=\"Corina und Sophia\" data-e-action-hash=\"#elementor-action%3Aaction%3Dlightbox%26settings%3DeyJpZCI6MjIwLCJ1cmwiOiJodHRwczpcL1wvbXZncm9tYmFjaC5kZVwvYmlnYmFuZFwvd3AtY29udGVudFwvdXBsb2Fkc1wvMjAxOFwvMTJcL0lNR18xMTMyX3dlYi5qcGcifQ%3D%3D\">\n\t\t\t\t\t\t\t<img decoding=\"async\" width=\"1024\" height=\"763\" src=\"https:\/\/mvgrombach.de\/bigband\/wp-content\/uploads\/2018\/12\/IMG_1132_web-1024x763.jpg\" class=\"attachment-large size-large wp-image-220\" alt=\"\" srcset=\"https:\/\/mvgrombach.de\/bigband\/wp-content\/uploads\/2018\/12\/IMG_1132_web-1024x763.jpg 1024w, https:\/\/mvgrombach.de\/bigband\/wp-content\/uploads\/2018\/12\/IMG_1132_web-300x223.jpg 300w, https:\/\/mvgrombach.de\/bigband\/wp-content\/uploads\/2018\/12\/IMG_1132_web-768x572.jpg 768w, https:\/\/mvgrombach.de\/bigband\/wp-content\/uploads\/2018\/12\/IMG_1132_web-830x618.jpg 830w, https:\/\/mvgrombach.de\/bigband\/wp-content\/uploads\/2018\/12\/IMG_1132_web-230x171.jpg 230w, https:\/\/mvgrombach.de\/bigband\/wp-content\/uploads\/2018\/12\/IMG_1132_web-350x261.jpg 350w, https:\/\/mvgrombach.de\/bigband\/wp-content\/uploads\/2018\/12\/IMG_1132_web-480x357.jpg 480w, https:\/\/mvgrombach.de\/bigband\/wp-content\/uploads\/2018\/12\/IMG_1132_web.jpg 1140w\" sizes=\"(max-width: 1024px) 100vw, 1024px\" \/>\t\t\t\t\t\t\t\t<\/a>\n\t\t\t\t\t\t\t\t\t\t\t<figcaption class=\"widget-image-caption wp-caption-text\">Corina Losert und Sophia M\u00e4rz<\/figcaption>\n\t\t\t\t\t\t\t\t\t\t<\/figure>\n\t\t\t\t\t\t\t<\/div>\n\t\t\t\t<\/div>\n\t\t\t\t\t<\/div>\n\t\t<\/div>\n\t\t\t\t\t<\/div>\n\t\t<\/section>\n\t\t\t\t<section class=\"elementor-section elementor-top-section elementor-element elementor-element-dcaee92 elementor-section-stretched elementor-section-boxed elementor-section-height-default elementor-section-height-default\" data-id=\"dcaee92\" data-element_type=\"section\" data-settings=\"{&quot;stretch_section&quot;:&quot;section-stretched&quot;,&quot;background_background&quot;:&quot;classic&quot;}\">\n\t\t\t\t\t\t<div class=\"elementor-container elementor-column-gap-default\">\n\t\t\t\t\t<div class=\"elementor-column elementor-col-50 elementor-top-column elementor-element elementor-element-bd7d5ec\" data-id=\"bd7d5ec\" data-element_type=\"column\">\n\t\t\t<div class=\"elementor-widget-wrap elementor-element-populated\">\n\t\t\t\t\t\t<div class=\"elementor-element elementor-element-7da221c elementor-widget elementor-widget-heading\" data-id=\"7da221c\" data-element_type=\"widget\" data-widget_type=\"heading.default\">\n\t\t\t\t<div class=\"elementor-widget-container\">\n\t\t\t<h3 class=\"elementor-heading-title elementor-size-default\">Die Auftritte werden l\u00e4nger und vielseitiger<\/h3>\t\t<\/div>\n\t\t\t\t<\/div>\n\t\t\t\t<div class=\"elementor-element elementor-element-334d88b elementor-widget elementor-widget-text-editor\" data-id=\"334d88b\" data-element_type=\"widget\" data-widget_type=\"text-editor.default\">\n\t\t\t\t<div class=\"elementor-widget-container\">\n\t\t\t\t\t\t\t<p>In den letzten Jahren spielte die MVG Big Band regelm\u00e4\u00dfig beim Stadtfest in Bad Rappenau. Auch unser Christmas Swing im Bad Rappenauer Kurhaus ist schon eine kleine Tradition geworden.<\/p><p>Hinzu kamen immer wieder einmalige Auftritte, wie zum Beispiel bei der Wiederer\u00f6ffnung des Kurhauses 2015,\u00a0 beim Bauernmarkt und Zwiebelkuchenfest in Kuppingen 2016, ein Konzert gemeinsam mit der Abbeyroad Big Band in Ornbau 2016 oder der Jazz Fr\u00fchschoppen im Rahmen des Bad Rappenauer Oktoberfest 2017.<\/p>\t\t\t\t\t\t<\/div>\n\t\t\t\t<\/div>\n\t\t\t\t\t<\/div>\n\t\t<\/div>\n\t\t\t\t<div class=\"elementor-column elementor-col-50 elementor-top-column elementor-element elementor-element-b8929d7\" data-id=\"b8929d7\" data-element_type=\"column\">\n\t\t\t<div class=\"elementor-widget-wrap elementor-element-populated\">\n\t\t\t\t\t\t<div class=\"elementor-element elementor-element-f6ffca7 elementor-widget elementor-widget-heading\" data-id=\"f6ffca7\" data-element_type=\"widget\" data-widget_type=\"heading.default\">\n\t\t\t\t<div class=\"elementor-widget-container\">\n\t\t\t<h3 class=\"elementor-heading-title elementor-size-default\">Gezielte Weiterentwicklung durch Workshops<\/h3>\t\t<\/div>\n\t\t\t\t<\/div>\n\t\t\t\t<div class=\"elementor-element elementor-element-b9468f8 elementor-widget elementor-widget-text-editor\" data-id=\"b9468f8\" data-element_type=\"widget\" data-widget_type=\"text-editor.default\">\n\t\t\t\t<div class=\"elementor-widget-container\">\n\t\t\t\t\t\t\t<p>Zielgerichtet haben wir nach und nach unser Programm immer wieder erweitert. 2018 legten wir den Fokus auf die Stilrichtung Funk.<\/p><p>Durch einen Workshop mit dem Profi-Posaunisten Benjamin Gerny haben wir in diesem Bereich einiges dazugelernt. Beim Workshop-Abschlusskonzert in der Bad Rappenauer Fu\u00dfg\u00e4ngerzone, im Rahmen des verkaufsoffenen Sonntags im Oktober 2018, konnten wir dies unter Beweis stellen.<\/p>\t\t\t\t\t\t<\/div>\n\t\t\t\t<\/div>\n\t\t\t\t\t<\/div>\n\t\t<\/div>\n\t\t\t\t\t<\/div>\n\t\t<\/section>\n\t\t\t\t<section class=\"elementor-section elementor-top-section elementor-element elementor-element-2aec149 elementor-section-stretched elementor-section-boxed elementor-section-height-default elementor-section-height-default\" data-id=\"2aec149\" data-element_type=\"section\" data-settings=\"{&quot;stretch_section&quot;:&quot;section-stretched&quot;}\">\n\t\t\t\t\t\t<div class=\"elementor-container elementor-column-gap-default\">\n\t\t\t\t\t<div class=\"elementor-column elementor-col-50 elementor-top-column elementor-element elementor-element-0ab57ac\" data-id=\"0ab57ac\" data-element_type=\"column\">\n\t\t\t<div class=\"elementor-widget-wrap elementor-element-populated\">\n\t\t\t\t\t\t<div class=\"elementor-element elementor-element-7319aad elementor-widget elementor-widget-heading\" data-id=\"7319aad\" data-element_type=\"widget\" data-widget_type=\"heading.default\">\n\t\t\t\t<div class=\"elementor-widget-container\">\n\t\t\t<h3 class=\"elementor-heading-title elementor-size-default\">Und heute?<\/h3>\t\t<\/div>\n\t\t\t\t<\/div>\n\t\t\t\t<div class=\"elementor-element elementor-element-90da91c elementor-widget elementor-widget-text-editor\" data-id=\"90da91c\" data-element_type=\"widget\" data-widget_type=\"text-editor.default\">\n\t\t\t\t<div class=\"elementor-widget-container\">\n\t\t\t\t\t\t\t<p>Die MVG Big Band ist \u00fcber die Jahre reifer und reifer geworden.<\/p><p>\u00dcber die Jahre haben wir uns eine solide Besetzung erarbeitet und sind in der Lage, auch Auftritte \u00fcber mehrere Stunden auf einem hohen Niveau zu spielen.<\/p><p>Unser Programm ist bunt und umfasst Gesangs- und Instrumentalnummer aus verschiedenen Stilrichtungen: von Swing und Blues \u00fcber Latin bis hin zu Rock- und Funkst\u00fccken. Viele unserer Nummern sind bekannt aus Filmen, aus Musicals oder laufen sogar regelm\u00e4\u00dfig im Radio.<\/p>\t\t\t\t\t\t<\/div>\n\t\t\t\t<\/div>\n\t\t\t\t\t<\/div>\n\t\t<\/div>\n\t\t\t\t<div class=\"elementor-column elementor-col-50 elementor-top-column elementor-element elementor-element-9fe56c5\" data-id=\"9fe56c5\" data-element_type=\"column\">\n\t\t\t<div class=\"elementor-widget-wrap elementor-element-populated\">\n\t\t\t\t\t\t<div class=\"elementor-element elementor-element-b65b205 elementor-widget elementor-widget-image\" data-id=\"b65b205\" data-element_type=\"widget\" data-widget_type=\"image.default\">\n\t\t\t\t<div class=\"elementor-widget-container\">\n\t\t\t\t\t\t\t\t\t\t<figure class=\"wp-caption\">\n\t\t\t\t\t\t\t\t\t\t\t<a href=\"https:\/\/mvgrombach.de\/bigband\/wp-content\/uploads\/2019\/02\/DSC_0009_1600.jpg\" data-elementor-open-lightbox=\"yes\" data-elementor-lightbox-title=\"Allzeit gute Stimmung\" data-elementor-lightbox-description=\"Allzeit gute Stimmung\" data-e-action-hash=\"#elementor-action%3Aaction%3Dlightbox%26settings%3DeyJpZCI6MzI3LCJ1cmwiOiJodHRwczpcL1wvbXZncm9tYmFjaC5kZVwvYmlnYmFuZFwvd3AtY29udGVudFwvdXBsb2Fkc1wvMjAxOVwvMDJcL0RTQ18wMDA5XzE2MDAuanBnIn0%3D\">\n\t\t\t\t\t\t\t<img loading=\"lazy\" decoding=\"async\" width=\"1024\" height=\"678\" src=\"https:\/\/mvgrombach.de\/bigband\/wp-content\/uploads\/2019\/02\/DSC_0009_1600-1024x678.jpg\" class=\"attachment-large size-large wp-image-327\" alt=\"Allzeit gute Stimmung\" srcset=\"https:\/\/mvgrombach.de\/bigband\/wp-content\/uploads\/2019\/02\/DSC_0009_1600-1024x678.jpg 1024w, https:\/\/mvgrombach.de\/bigband\/wp-content\/uploads\/2019\/02\/DSC_0009_1600-300x199.jpg 300w, https:\/\/mvgrombach.de\/bigband\/wp-content\/uploads\/2019\/02\/DSC_0009_1600-768x508.jpg 768w, https:\/\/mvgrombach.de\/bigband\/wp-content\/uploads\/2019\/02\/DSC_0009_1600-830x549.jpg 830w, https:\/\/mvgrombach.de\/bigband\/wp-content\/uploads\/2019\/02\/DSC_0009_1600-230x152.jpg 230w, https:\/\/mvgrombach.de\/bigband\/wp-content\/uploads\/2019\/02\/DSC_0009_1600-350x232.jpg 350w, https:\/\/mvgrombach.de\/bigband\/wp-content\/uploads\/2019\/02\/DSC_0009_1600-480x318.jpg 480w, https:\/\/mvgrombach.de\/bigband\/wp-content\/uploads\/2019\/02\/DSC_0009_1600.jpg 1600w\" sizes=\"(max-width: 1024px) 100vw, 1024px\" \/>\t\t\t\t\t\t\t\t<\/a>\n\t\t\t\t\t\t\t\t\t\t\t<figcaption class=\"widget-image-caption wp-caption-text\">Allzeit gute Stimmung<\/figcaption>\n\t\t\t\t\t\t\t\t\t\t<\/figure>\n\t\t\t\t\t\t\t<\/div>\n\t\t\t\t<\/div>\n\t\t\t\t\t<\/div>\n\t\t<\/div>\n\t\t\t\t\t<\/div>\n\t\t<\/section>\n\t\t\t\t<\/div>\n\t\t","protected":false},"excerpt":{"rendered":"<p>Geschichte der MVG Big Band Die ersten Jahre Anfang 2012 begann die MVG Big Band mit der Probenarbeit. Dabei ging es zun\u00e4chst [&hellip;]<\/p>\n","protected":false},"author":1,"featured_media":0,"parent":0,"menu_order":0,"comment_status":"closed","ping_status":"closed","template":"elementor_header_footer","meta":{"footnotes":""},"class_list":["post-214","page","type-page","status-publish","hentry"],"_links":{"self":[{"href":"https:\/\/mvgrombach.de\/bigband\/wp-json\/wp\/v2\/pages\/214"}],"collection":[{"href":"https:\/\/mvgrombach.de\/bigband\/wp-json\/wp\/v2\/pages"}],"about":[{"href":"https:\/\/mvgrombach.de\/bigband\/wp-json\/wp\/v2\/types\/page"}],"author":[{"embeddable":true,"href":"https:\/\/mvgrombach.de\/bigband\/wp-json\/wp\/v2\/users\/1"}],"replies":[{"embeddable":true,"href":"https:\/\/mvgrombach.de\/bigband\/wp-json\/wp\/v2\/comments?post=214"}],"version-history":[{"count":16,"href":"https:\/\/mvgrombach.de\/bigband\/wp-json\/wp\/v2\/pages\/214\/revisions"}],"predecessor-version":[{"id":677,"href":"https:\/\/mvgrombach.de\/bigband\/wp-json\/wp\/v2\/pages\/214\/revisions\/677"}],"wp:attachment":[{"href":"https:\/\/mvgrombach.de\/bigband\/wp-json\/wp\/v2\/media?parent=214"}],"curies":[{"name":"wp","href":"https:\/\/api.w.org\/{rel}","templated":true}]}}