{"id":51,"date":"2018-05-24T11:19:52","date_gmt":"2018-05-24T11:19:52","guid":{"rendered":"http:\/\/demo.athemes.com\/sydney-temp\/?page_id=4"},"modified":"2025-12-31T14:12:32","modified_gmt":"2025-12-31T13:12:32","slug":"my-front-page","status":"publish","type":"page","link":"https:\/\/mvgrombach.de\/bigband\/","title":{"rendered":"My front page"},"content":{"rendered":"\t\t<div data-elementor-type=\"wp-post\" data-elementor-id=\"51\" class=\"elementor elementor-51\">\n\t\t\t\t\t\t<section class=\"elementor-section elementor-top-section elementor-element elementor-element-454770d5 elementor-section-boxed elementor-section-height-default elementor-section-height-default\" data-id=\"454770d5\" data-element_type=\"section\" id=\"services\">\n\t\t\t\t\t\t<div class=\"elementor-container elementor-column-gap-default\">\n\t\t\t\t\t<div class=\"elementor-column elementor-col-100 elementor-top-column elementor-element elementor-element-49c465df\" data-id=\"49c465df\" data-element_type=\"column\">\n\t\t\t<div class=\"elementor-widget-wrap elementor-element-populated\">\n\t\t\t\t\t\t<section class=\"elementor-section elementor-inner-section elementor-element elementor-element-f804a23 elementor-section-boxed elementor-section-height-default elementor-section-height-default\" data-id=\"f804a23\" data-element_type=\"section\">\n\t\t\t\t\t\t<div class=\"elementor-container elementor-column-gap-default\">\n\t\t\t\t\t<div class=\"elementor-column elementor-col-50 elementor-inner-column elementor-element elementor-element-e63813a\" data-id=\"e63813a\" data-element_type=\"column\">\n\t\t\t<div class=\"elementor-widget-wrap elementor-element-populated\">\n\t\t\t\t\t\t<div class=\"elementor-element elementor-element-c3a6159 elementor-widget elementor-widget-image\" data-id=\"c3a6159\" data-element_type=\"widget\" data-widget_type=\"image.default\">\n\t\t\t\t<div class=\"elementor-widget-container\">\n\t\t\t\t\t\t\t\t\t\t\t\t\t<img fetchpriority=\"high\" decoding=\"async\" width=\"727\" height=\"1024\" src=\"https:\/\/mvgrombach.de\/bigband\/wp-content\/uploads\/2025\/11\/Big_Band_Menschen_in_Not_2025-727x1024.png\" class=\"attachment-large size-large wp-image-657\" alt=\"\" srcset=\"https:\/\/mvgrombach.de\/bigband\/wp-content\/uploads\/2025\/11\/Big_Band_Menschen_in_Not_2025-727x1024.png 727w, https:\/\/mvgrombach.de\/bigband\/wp-content\/uploads\/2025\/11\/Big_Band_Menschen_in_Not_2025-213x300.png 213w, https:\/\/mvgrombach.de\/bigband\/wp-content\/uploads\/2025\/11\/Big_Band_Menschen_in_Not_2025-768x1082.png 768w, https:\/\/mvgrombach.de\/bigband\/wp-content\/uploads\/2025\/11\/Big_Band_Menschen_in_Not_2025-1090x1536.png 1090w, https:\/\/mvgrombach.de\/bigband\/wp-content\/uploads\/2025\/11\/Big_Band_Menschen_in_Not_2025-1454x2048.png 1454w, https:\/\/mvgrombach.de\/bigband\/wp-content\/uploads\/2025\/11\/Big_Band_Menschen_in_Not_2025-1000x1409.png 1000w, https:\/\/mvgrombach.de\/bigband\/wp-content\/uploads\/2025\/11\/Big_Band_Menschen_in_Not_2025-230x324.png 230w, https:\/\/mvgrombach.de\/bigband\/wp-content\/uploads\/2025\/11\/Big_Band_Menschen_in_Not_2025-350x493.png 350w, https:\/\/mvgrombach.de\/bigband\/wp-content\/uploads\/2025\/11\/Big_Band_Menschen_in_Not_2025-480x676.png 480w\" sizes=\"(max-width: 727px) 100vw, 727px\" \/>\t\t\t\t\t\t\t\t\t\t\t\t\t<\/div>\n\t\t\t\t<\/div>\n\t\t\t\t\t<\/div>\n\t\t<\/div>\n\t\t\t\t<div class=\"elementor-column elementor-col-50 elementor-inner-column elementor-element elementor-element-c8e1afa\" data-id=\"c8e1afa\" data-element_type=\"column\">\n\t\t\t<div class=\"elementor-widget-wrap elementor-element-populated\">\n\t\t\t\t\t\t<div class=\"elementor-element elementor-element-20ee116 elementor-widget elementor-widget-heading\" data-id=\"20ee116\" data-element_type=\"widget\" data-widget_type=\"heading.default\">\n\t\t\t\t<div class=\"elementor-widget-container\">\n\t\t\t<h2 class=\"elementor-heading-title elementor-size-default\">Benefizkonzert 2025\n<\/h2>\t\t<\/div>\n\t\t\t\t<\/div>\n\t\t\t\t<div class=\"elementor-element elementor-element-cffafba elementor-widget elementor-widget-text-editor\" data-id=\"cffafba\" data-element_type=\"widget\" data-widget_type=\"text-editor.default\">\n\t\t\t\t<div class=\"elementor-widget-container\">\n\t\t\t\t\t\t\t<p>Dieses Konzert im Bad Rappenauer Kurhaus ist inzwischen eine sch\u00f6ne Tradition und der musikalische Jahresabschluss der Big Band. Auch in diesem Jahr konnte die Band dieses Konzert in der Weihnachtszeit nutzen, um Menschen zu helfen, die sich in einer Notlage befinden. Unter der Schirmherrschaft von Oberb\u00fcrgermeister Sebastian Frei wurde das Konzert am Samstag, den 13. Dezember 2025, ganz in den Dienst der guten Sache gestellt. Der Erl\u00f6s des Konzertes kam wie auch in den Vorjahren der Aktion \u201eMenschen in Not\u201c der Heilbronner Stimme zugute.<\/p><p><a href=\"https:\/\/mvgrombach.de\/bigband\/2025\/12\/benefizkonzert-fuer-die-aktion-menschen-in-not-im-kurhaus\/\">Weitere Infos zum Benefizkonzert gibt es hier&#8230;<\/a><\/p>\t\t\t\t\t\t<\/div>\n\t\t\t\t<\/div>\n\t\t\t\t\t<\/div>\n\t\t<\/div>\n\t\t\t\t\t<\/div>\n\t\t<\/section>\n\t\t\t\t<div class=\"elementor-element elementor-element-43de578 elementor-widget elementor-widget-spacer\" data-id=\"43de578\" data-element_type=\"widget\" data-widget_type=\"spacer.default\">\n\t\t\t\t<div class=\"elementor-widget-container\">\n\t\t\t\t\t<div class=\"elementor-spacer\">\n\t\t\t<div class=\"elementor-spacer-inner\"><\/div>\n\t\t<\/div>\n\t\t\t\t<\/div>\n\t\t\t\t<\/div>\n\t\t\t\t<section class=\"elementor-section elementor-inner-section elementor-element elementor-element-2507630 elementor-section-boxed elementor-section-height-default elementor-section-height-default\" data-id=\"2507630\" data-element_type=\"section\">\n\t\t\t\t\t\t<div class=\"elementor-container elementor-column-gap-default\">\n\t\t\t\t\t<div class=\"elementor-column elementor-col-50 elementor-inner-column elementor-element elementor-element-259af76\" data-id=\"259af76\" data-element_type=\"column\">\n\t\t\t<div class=\"elementor-widget-wrap elementor-element-populated\">\n\t\t\t\t\t\t<div class=\"elementor-element elementor-element-aa21c3d elementor-widget elementor-widget-heading\" data-id=\"aa21c3d\" data-element_type=\"widget\" data-widget_type=\"heading.default\">\n\t\t\t\t<div class=\"elementor-widget-container\">\n\t\t\t<h3 class=\"elementor-heading-title elementor-size-default\">\u00dcber uns<\/h3>\t\t<\/div>\n\t\t\t\t<\/div>\n\t\t\t\t<div class=\"elementor-element elementor-element-ada058b elementor-widget-divider--view-line elementor-widget elementor-widget-divider\" data-id=\"ada058b\" data-element_type=\"widget\" data-widget_type=\"divider.default\">\n\t\t\t\t<div class=\"elementor-widget-container\">\n\t\t\t\t\t<div class=\"elementor-divider\">\n\t\t\t<span class=\"elementor-divider-separator\">\n\t\t\t\t\t\t<\/span>\n\t\t<\/div>\n\t\t\t\t<\/div>\n\t\t\t\t<\/div>\n\t\t\t\t<div class=\"elementor-element elementor-element-a856700 elementor-widget elementor-widget-text-editor\" data-id=\"a856700\" data-element_type=\"widget\" data-widget_type=\"text-editor.default\">\n\t\t\t\t<div class=\"elementor-widget-container\">\n\t\t\t\t\t\t\t<p>Die MVG Big Band ist eine Big Band im klassischen Sinne: Mit strahlenden Trompeten, fetzigen Posaunen, groovigen Saxophonen sowie einer souver\u00e4nen Rhythmusgruppe bestehend aus E-Gitarre, E-Bass, Schlagzeug und Klavier. Gekr\u00f6nt wird diese Besetzung durch unsere bezaubernde S\u00e4ngerin.<\/p>\t\t\t\t\t\t<\/div>\n\t\t\t\t<\/div>\n\t\t\t\t\t<\/div>\n\t\t<\/div>\n\t\t\t\t<div class=\"elementor-column elementor-col-50 elementor-inner-column elementor-element elementor-element-82f48a5\" data-id=\"82f48a5\" data-element_type=\"column\">\n\t\t\t<div class=\"elementor-widget-wrap elementor-element-populated\">\n\t\t\t\t\t\t<div class=\"elementor-element elementor-element-2e7af34 elementor-widget elementor-widget-image\" data-id=\"2e7af34\" data-element_type=\"widget\" data-widget_type=\"image.default\">\n\t\t\t\t<div class=\"elementor-widget-container\">\n\t\t\t\t\t\t\t\t\t\t\t\t\t\t<a href=\"https:\/\/mvgrombach.de\/bigband\/wp-content\/uploads\/2020\/03\/Band.jpg\" data-elementor-open-lightbox=\"yes\" data-elementor-lightbox-title=\"Band\" data-e-action-hash=\"#elementor-action%3Aaction%3Dlightbox%26settings%3DeyJpZCI6NDQ2LCJ1cmwiOiJodHRwczpcL1wvbXZncm9tYmFjaC5kZVwvYmlnYmFuZFwvd3AtY29udGVudFwvdXBsb2Fkc1wvMjAyMFwvMDNcL0JhbmQuanBnIn0%3D\">\n\t\t\t\t\t\t\t<img decoding=\"async\" width=\"1024\" height=\"682\" src=\"https:\/\/mvgrombach.de\/bigband\/wp-content\/uploads\/2020\/03\/Band-1024x682.jpg\" class=\"attachment-large size-large wp-image-446\" alt=\"\" srcset=\"https:\/\/mvgrombach.de\/bigband\/wp-content\/uploads\/2020\/03\/Band-1024x682.jpg 1024w, https:\/\/mvgrombach.de\/bigband\/wp-content\/uploads\/2020\/03\/Band-300x200.jpg 300w, https:\/\/mvgrombach.de\/bigband\/wp-content\/uploads\/2020\/03\/Band-768x512.jpg 768w, https:\/\/mvgrombach.de\/bigband\/wp-content\/uploads\/2020\/03\/Band-830x553.jpg 830w, https:\/\/mvgrombach.de\/bigband\/wp-content\/uploads\/2020\/03\/Band-230x153.jpg 230w, https:\/\/mvgrombach.de\/bigband\/wp-content\/uploads\/2020\/03\/Band-350x233.jpg 350w, https:\/\/mvgrombach.de\/bigband\/wp-content\/uploads\/2020\/03\/Band-480x320.jpg 480w, https:\/\/mvgrombach.de\/bigband\/wp-content\/uploads\/2020\/03\/Band.jpg 1732w\" sizes=\"(max-width: 1024px) 100vw, 1024px\" \/>\t\t\t\t\t\t\t\t<\/a>\n\t\t\t\t\t\t\t\t\t\t\t\t\t<\/div>\n\t\t\t\t<\/div>\n\t\t\t\t\t<\/div>\n\t\t<\/div>\n\t\t\t\t\t<\/div>\n\t\t<\/section>\n\t\t\t\t<div class=\"elementor-element elementor-element-9b31cfc elementor-widget elementor-widget-spacer\" data-id=\"9b31cfc\" data-element_type=\"widget\" data-widget_type=\"spacer.default\">\n\t\t\t\t<div class=\"elementor-widget-container\">\n\t\t\t\t\t<div class=\"elementor-spacer\">\n\t\t\t<div class=\"elementor-spacer-inner\"><\/div>\n\t\t<\/div>\n\t\t\t\t<\/div>\n\t\t\t\t<\/div>\n\t\t\t\t<section class=\"elementor-section elementor-inner-section elementor-element elementor-element-5453d6a7 elementor-section-boxed elementor-section-height-default elementor-section-height-default\" data-id=\"5453d6a7\" data-element_type=\"section\">\n\t\t\t\t\t\t<div class=\"elementor-container elementor-column-gap-extended\">\n\t\t\t\t\t<div class=\"elementor-column elementor-col-33 elementor-inner-column elementor-element elementor-element-1fc0243e\" data-id=\"1fc0243e\" data-element_type=\"column\">\n\t\t\t<div class=\"elementor-widget-wrap elementor-element-populated\">\n\t\t\t\t\t\t<div class=\"elementor-element elementor-element-4da9bb52 elementor-view-framed elementor-shape-circle elementor-position-top elementor-mobile-position-top elementor-widget elementor-widget-icon-box\" data-id=\"4da9bb52\" data-element_type=\"widget\" data-widget_type=\"icon-box.default\">\n\t\t\t\t<div class=\"elementor-widget-container\">\n\t\t\t\t\t<div class=\"elementor-icon-box-wrapper\">\n\n\t\t\t\t\t\t<div class=\"elementor-icon-box-icon\">\n\t\t\t\t<span  class=\"elementor-icon elementor-animation-\">\n\t\t\t\t<i aria-hidden=\"true\" class=\"fas fa-users\"><\/i>\t\t\t\t<\/span>\n\t\t\t<\/div>\n\t\t\t\n\t\t\t\t\t\t<div class=\"elementor-icon-box-content\">\n\n\t\t\t\t\t\t\t\t\t<h3 class=\"elementor-icon-box-title\">\n\t\t\t\t\t\t<span  >\n\t\t\t\t\t\t\tMusiker\t\t\t\t\t\t<\/span>\n\t\t\t\t\t<\/h3>\n\t\t\t\t\n\t\t\t\t\t\t\t\t\t<p class=\"elementor-icon-box-description\">\n\t\t\t\t\t\tHier stellen wir dir unsere Bandmitglieder vor.<br>\t\t\t\t\t<\/p>\n\t\t\t\t\n\t\t\t<\/div>\n\t\t\t\n\t\t<\/div>\n\t\t\t\t<\/div>\n\t\t\t\t<\/div>\n\t\t\t\t<div class=\"elementor-element elementor-element-fcd8427 elementor-align-center elementor-widget elementor-widget-button\" data-id=\"fcd8427\" data-element_type=\"widget\" data-widget_type=\"button.default\">\n\t\t\t\t<div class=\"elementor-widget-container\">\n\t\t\t\t\t\t\t<div class=\"elementor-button-wrapper\">\n\t\t\t\t\t<a class=\"elementor-button elementor-button-link elementor-size-sm\" href=\"https:\/\/mvgrombach.de\/bigband\/die-band\/\">\n\t\t\t\t\t\t<span class=\"elementor-button-content-wrapper\">\n\t\t\t\t\t\t\t\t\t<span class=\"elementor-button-text\">Erfahre mehr.<\/span>\n\t\t\t\t\t<\/span>\n\t\t\t\t\t<\/a>\n\t\t\t\t<\/div>\n\t\t\t\t\t\t<\/div>\n\t\t\t\t<\/div>\n\t\t\t\t\t<\/div>\n\t\t<\/div>\n\t\t\t\t<div class=\"elementor-column elementor-col-33 elementor-inner-column elementor-element elementor-element-ff14a25\" data-id=\"ff14a25\" data-element_type=\"column\">\n\t\t\t<div class=\"elementor-widget-wrap elementor-element-populated\">\n\t\t\t\t\t\t<div class=\"elementor-element elementor-element-a93ed28 elementor-view-framed elementor-shape-circle elementor-position-top elementor-mobile-position-top elementor-widget elementor-widget-icon-box\" data-id=\"a93ed28\" data-element_type=\"widget\" data-widget_type=\"icon-box.default\">\n\t\t\t\t<div class=\"elementor-widget-container\">\n\t\t\t\t\t<div class=\"elementor-icon-box-wrapper\">\n\n\t\t\t\t\t\t<div class=\"elementor-icon-box-icon\">\n\t\t\t\t<span  class=\"elementor-icon elementor-animation-\">\n\t\t\t\t<i aria-hidden=\"true\" class=\"fas fa-music\"><\/i>\t\t\t\t<\/span>\n\t\t\t<\/div>\n\t\t\t\n\t\t\t\t\t\t<div class=\"elementor-icon-box-content\">\n\n\t\t\t\t\t\t\t\t\t<h3 class=\"elementor-icon-box-title\">\n\t\t\t\t\t\t<span  >\n\t\t\t\t\t\t\tRepertoire\t\t\t\t\t\t<\/span>\n\t\t\t\t\t<\/h3>\n\t\t\t\t\n\t\t\t\t\t\t\t\t\t<p class=\"elementor-icon-box-description\">\n\t\t\t\t\t\tWir spielen alles, was die Breite der Big Band Musik her gibt: Vom klassischen Swing \u00fcber Rock und Funk bis hin zu Pop.\t\t\t\t\t<\/p>\n\t\t\t\t\n\t\t\t<\/div>\n\t\t\t\n\t\t<\/div>\n\t\t\t\t<\/div>\n\t\t\t\t<\/div>\n\t\t\t\t<div class=\"elementor-element elementor-element-d4e66e9 elementor-align-center elementor-widget elementor-widget-button\" data-id=\"d4e66e9\" data-element_type=\"widget\" data-widget_type=\"button.default\">\n\t\t\t\t<div class=\"elementor-widget-container\">\n\t\t\t\t\t\t\t<div class=\"elementor-button-wrapper\">\n\t\t\t\t\t<a class=\"elementor-button elementor-button-link elementor-size-sm\" href=\"https:\/\/mvgrombach.de\/bigband\/repertoire\/\">\n\t\t\t\t\t\t<span class=\"elementor-button-content-wrapper\">\n\t\t\t\t\t\t\t\t\t<span class=\"elementor-button-text\">Erfahre mehr.<\/span>\n\t\t\t\t\t<\/span>\n\t\t\t\t\t<\/a>\n\t\t\t\t<\/div>\n\t\t\t\t\t\t<\/div>\n\t\t\t\t<\/div>\n\t\t\t\t\t<\/div>\n\t\t<\/div>\n\t\t\t\t<div class=\"elementor-column elementor-col-33 elementor-inner-column elementor-element elementor-element-41677401\" data-id=\"41677401\" data-element_type=\"column\">\n\t\t\t<div class=\"elementor-widget-wrap elementor-element-populated\">\n\t\t\t\t\t\t<div class=\"elementor-element elementor-element-382d7417 elementor-view-framed elementor-shape-circle elementor-position-top elementor-mobile-position-top elementor-widget elementor-widget-icon-box\" data-id=\"382d7417\" data-element_type=\"widget\" data-widget_type=\"icon-box.default\">\n\t\t\t\t<div class=\"elementor-widget-container\">\n\t\t\t\t\t<div class=\"elementor-icon-box-wrapper\">\n\n\t\t\t\t\t\t<div class=\"elementor-icon-box-icon\">\n\t\t\t\t<span  class=\"elementor-icon elementor-animation-\">\n\t\t\t\t<i aria-hidden=\"true\" class=\"fas fa-book\"><\/i>\t\t\t\t<\/span>\n\t\t\t<\/div>\n\t\t\t\n\t\t\t\t\t\t<div class=\"elementor-icon-box-content\">\n\n\t\t\t\t\t\t\t\t\t<h3 class=\"elementor-icon-box-title\">\n\t\t\t\t\t\t<span  >\n\t\t\t\t\t\t\tGeschichte\t\t\t\t\t\t<\/span>\n\t\t\t\t\t<\/h3>\n\t\t\t\t\n\t\t\t\t\t\t\t\t\t<p class=\"elementor-icon-box-description\">\n\t\t\t\t\t\tDie MVG Big Band gibt es bereits seit 2012. Die Highlights aus den vergangenen Jahren haben wir hier f\u00fcr dich zusammengefasst.\t\t\t\t\t<\/p>\n\t\t\t\t\n\t\t\t<\/div>\n\t\t\t\n\t\t<\/div>\n\t\t\t\t<\/div>\n\t\t\t\t<\/div>\n\t\t\t\t<div class=\"elementor-element elementor-element-a9895a7 elementor-align-center elementor-widget elementor-widget-button\" data-id=\"a9895a7\" data-element_type=\"widget\" data-widget_type=\"button.default\">\n\t\t\t\t<div class=\"elementor-widget-container\">\n\t\t\t\t\t\t\t<div class=\"elementor-button-wrapper\">\n\t\t\t\t\t<a class=\"elementor-button elementor-button-link elementor-size-sm\" href=\"https:\/\/mvgrombach.de\/bigband\/geschichte\/\">\n\t\t\t\t\t\t<span class=\"elementor-button-content-wrapper\">\n\t\t\t\t\t\t\t\t\t<span class=\"elementor-button-text\">Erfahre mehr.<\/span>\n\t\t\t\t\t<\/span>\n\t\t\t\t\t<\/a>\n\t\t\t\t<\/div>\n\t\t\t\t\t\t<\/div>\n\t\t\t\t<\/div>\n\t\t\t\t\t<\/div>\n\t\t<\/div>\n\t\t\t\t\t<\/div>\n\t\t<\/section>\n\t\t\t\t\t<\/div>\n\t\t<\/div>\n\t\t\t\t\t<\/div>\n\t\t<\/section>\n\t\t\t\t<section class=\"elementor-section elementor-top-section elementor-element elementor-element-46b34fb0 elementor-section-content-middle elementor-section-boxed elementor-section-height-default elementor-section-height-default\" data-id=\"46b34fb0\" data-element_type=\"section\" data-settings=\"{&quot;background_background&quot;:&quot;classic&quot;}\">\n\t\t\t\t\t\t<div class=\"elementor-container elementor-column-gap-extended\">\n\t\t\t\t\t<div class=\"elementor-column elementor-col-50 elementor-top-column elementor-element elementor-element-f7a7227\" data-id=\"f7a7227\" data-element_type=\"column\">\n\t\t\t<div class=\"elementor-widget-wrap elementor-element-populated\">\n\t\t\t\t\t\t<div class=\"elementor-element elementor-element-4d651766 elementor-widget elementor-widget-heading\" data-id=\"4d651766\" data-element_type=\"widget\" data-widget_type=\"heading.default\">\n\t\t\t\t<div class=\"elementor-widget-container\">\n\t\t\t<h3 class=\"elementor-heading-title elementor-size-default\">Demn\u00e4chst LIVE<\/h3>\t\t<\/div>\n\t\t\t\t<\/div>\n\t\t\t\t<div class=\"elementor-element elementor-element-5b751239 elementor-widget-divider--view-line elementor-widget elementor-widget-divider\" data-id=\"5b751239\" data-element_type=\"widget\" data-widget_type=\"divider.default\">\n\t\t\t\t<div class=\"elementor-widget-container\">\n\t\t\t\t\t<div class=\"elementor-divider\">\n\t\t\t<span class=\"elementor-divider-separator\">\n\t\t\t\t\t\t<\/span>\n\t\t<\/div>\n\t\t\t\t<\/div>\n\t\t\t\t<\/div>\n\t\t\t\t<div class=\"elementor-element elementor-element-e6f0ab9 elementor-view-framed elementor-position-left elementor-vertical-align-middle elementor-shape-circle elementor-mobile-position-top elementor-widget elementor-widget-icon-box\" data-id=\"e6f0ab9\" data-element_type=\"widget\" data-widget_type=\"icon-box.default\">\n\t\t\t\t<div class=\"elementor-widget-container\">\n\t\t\t\t\t<div class=\"elementor-icon-box-wrapper\">\n\n\t\t\t\t\t\t<div class=\"elementor-icon-box-icon\">\n\t\t\t\t<span  class=\"elementor-icon elementor-animation-\">\n\t\t\t\t<i aria-hidden=\"true\" class=\"far fa-calendar-check\"><\/i>\t\t\t\t<\/span>\n\t\t\t<\/div>\n\t\t\t\n\t\t\t\t\t\t<div class=\"elementor-icon-box-content\">\n\n\t\t\t\t\n\t\t\t\t\t\t\t\t\t<p class=\"elementor-icon-box-description\">\n\t\t\t\t\t\t03.07.2026 Jazz im Zirkuszelt\t\t\t\t\t<\/p>\n\t\t\t\t\n\t\t\t<\/div>\n\t\t\t\n\t\t<\/div>\n\t\t\t\t<\/div>\n\t\t\t\t<\/div>\n\t\t\t\t\t<\/div>\n\t\t<\/div>\n\t\t\t\t<div class=\"elementor-column elementor-col-50 elementor-top-column elementor-element elementor-element-5db10670\" data-id=\"5db10670\" data-element_type=\"column\">\n\t\t\t<div class=\"elementor-widget-wrap elementor-element-populated\">\n\t\t\t\t\t\t<div class=\"elementor-element elementor-element-5835b5b8 elementor-widget elementor-widget-image\" data-id=\"5835b5b8\" data-element_type=\"widget\" data-widget_type=\"image.default\">\n\t\t\t\t<div class=\"elementor-widget-container\">\n\t\t\t\t\t\t\t\t\t\t\t\t\t<img decoding=\"async\" width=\"768\" height=\"432\" src=\"https:\/\/mvgrombach.de\/bigband\/wp-content\/uploads\/2025\/11\/istockphoto-1412386879-640x640-1.jpg\" class=\"attachment-medium_large size-medium_large wp-image-659\" alt=\"\" srcset=\"https:\/\/mvgrombach.de\/bigband\/wp-content\/uploads\/2025\/11\/istockphoto-1412386879-640x640-1.jpg 768w, https:\/\/mvgrombach.de\/bigband\/wp-content\/uploads\/2025\/11\/istockphoto-1412386879-640x640-1-300x169.jpg 300w, https:\/\/mvgrombach.de\/bigband\/wp-content\/uploads\/2025\/11\/istockphoto-1412386879-640x640-1-230x129.jpg 230w, https:\/\/mvgrombach.de\/bigband\/wp-content\/uploads\/2025\/11\/istockphoto-1412386879-640x640-1-350x197.jpg 350w, https:\/\/mvgrombach.de\/bigband\/wp-content\/uploads\/2025\/11\/istockphoto-1412386879-640x640-1-480x270.jpg 480w\" sizes=\"(max-width: 768px) 100vw, 768px\" \/>\t\t\t\t\t\t\t\t\t\t\t\t\t<\/div>\n\t\t\t\t<\/div>\n\t\t\t\t<div class=\"elementor-element elementor-element-9d1ced2 elementor-align-center elementor-widget elementor-widget-button\" data-id=\"9d1ced2\" data-element_type=\"widget\" data-widget_type=\"button.default\">\n\t\t\t\t<div class=\"elementor-widget-container\">\n\t\t\t\t\t\t\t<div class=\"elementor-button-wrapper\">\n\t\t\t\t\t<a class=\"elementor-button elementor-button-link elementor-size-sm\" href=\"https:\/\/mvgrombach.de\/bigband\/termine\/\">\n\t\t\t\t\t\t<span class=\"elementor-button-content-wrapper\">\n\t\t\t\t\t\t<span class=\"elementor-button-icon\">\n\t\t\t\t<i aria-hidden=\"true\" class=\"fas fa-calendar-alt\"><\/i>\t\t\t<\/span>\n\t\t\t\t\t\t\t\t\t<span class=\"elementor-button-text\">Weitere Informationen zu den Terminen<\/span>\n\t\t\t\t\t<\/span>\n\t\t\t\t\t<\/a>\n\t\t\t\t<\/div>\n\t\t\t\t\t\t<\/div>\n\t\t\t\t<\/div>\n\t\t\t\t\t<\/div>\n\t\t<\/div>\n\t\t\t\t\t<\/div>\n\t\t<\/section>\n\t\t\t\t<section class=\"elementor-section elementor-top-section elementor-element elementor-element-70c50bee elementor-section-boxed elementor-section-height-default elementor-section-height-default\" data-id=\"70c50bee\" data-element_type=\"section\">\n\t\t\t\t\t\t<div class=\"elementor-container elementor-column-gap-default\">\n\t\t\t\t\t<div class=\"elementor-column elementor-col-100 elementor-top-column elementor-element elementor-element-9254a77\" data-id=\"9254a77\" data-element_type=\"column\">\n\t\t\t<div class=\"elementor-widget-wrap elementor-element-populated\">\n\t\t\t\t\t\t<div class=\"elementor-element elementor-element-246ca4c0 elementor-widget elementor-widget-heading\" data-id=\"246ca4c0\" data-element_type=\"widget\" data-widget_type=\"heading.default\">\n\t\t\t\t<div class=\"elementor-widget-container\">\n\t\t\t<h3 class=\"elementor-heading-title elementor-size-default\">Neuigkeiten<\/h3>\t\t<\/div>\n\t\t\t\t<\/div>\n\t\t\t\t<div class=\"elementor-element elementor-element-3735234a elementor-widget-divider--view-line elementor-widget elementor-widget-divider\" data-id=\"3735234a\" data-element_type=\"widget\" data-widget_type=\"divider.default\">\n\t\t\t\t<div class=\"elementor-widget-container\">\n\t\t\t\t\t<div class=\"elementor-divider\">\n\t\t\t<span class=\"elementor-divider-separator\">\n\t\t\t\t\t\t<\/span>\n\t\t<\/div>\n\t\t\t\t<\/div>\n\t\t\t\t<\/div>\n\t\t\t\t<div class=\"elementor-element elementor-element-78c05ce5 elementor-widget elementor-widget-athemes-posts\" data-id=\"78c05ce5\" data-element_type=\"widget\" data-widget_type=\"athemes-posts.default\">\n\t\t\t\t<div class=\"elementor-widget-container\">\n\t\t\t\n\t\t<div class=\"panel-grid-cell\">\t\t\t<div class=\"latest-news-wrapper carousel owl-carousel row style1\">\n\t\t\t\t\t\t\t<div class=\"blog-post col-md-12\">\n\t\t\t\t\t\t\t\t\t<div class=\"entry-thumb\">\n\t\t\t\t\t\t<a href=\"https:\/\/mvgrombach.de\/bigband\/2025\/12\/benefizkonzert-fuer-die-aktion-menschen-in-not-im-kurhaus\/\" title=\"Benefizkonzert f\u00fcr die Aktion Menschen in Not im Kurhaus\">\n\t\t\t\t\t\t\t<img loading=\"lazy\" decoding=\"async\" width=\"2560\" height=\"1707\" src=\"https:\/\/mvgrombach.de\/bigband\/wp-content\/uploads\/2025\/12\/IMG_0727B_Radiant-1-scaled.jpg\" class=\"attachment-medium-thumb size-medium-thumb wp-post-image\" alt=\"\" srcset=\"https:\/\/mvgrombach.de\/bigband\/wp-content\/uploads\/2025\/12\/IMG_0727B_Radiant-1-scaled.jpg 2560w, https:\/\/mvgrombach.de\/bigband\/wp-content\/uploads\/2025\/12\/IMG_0727B_Radiant-1-300x200.jpg 300w, https:\/\/mvgrombach.de\/bigband\/wp-content\/uploads\/2025\/12\/IMG_0727B_Radiant-1-1024x683.jpg 1024w, https:\/\/mvgrombach.de\/bigband\/wp-content\/uploads\/2025\/12\/IMG_0727B_Radiant-1-768x512.jpg 768w, https:\/\/mvgrombach.de\/bigband\/wp-content\/uploads\/2025\/12\/IMG_0727B_Radiant-1-1536x1024.jpg 1536w, https:\/\/mvgrombach.de\/bigband\/wp-content\/uploads\/2025\/12\/IMG_0727B_Radiant-1-2048x1365.jpg 2048w, https:\/\/mvgrombach.de\/bigband\/wp-content\/uploads\/2025\/12\/IMG_0727B_Radiant-1-1000x667.jpg 1000w, https:\/\/mvgrombach.de\/bigband\/wp-content\/uploads\/2025\/12\/IMG_0727B_Radiant-1-230x153.jpg 230w, https:\/\/mvgrombach.de\/bigband\/wp-content\/uploads\/2025\/12\/IMG_0727B_Radiant-1-350x233.jpg 350w, https:\/\/mvgrombach.de\/bigband\/wp-content\/uploads\/2025\/12\/IMG_0727B_Radiant-1-480x320.jpg 480w\" sizes=\"(max-width: 2560px) 100vw, 2560px\" \/>\t\t\t\t\t\t<\/a>\t\t\t\n\t\t\t\t\t<\/div>\t\n\t\t\t\t\t\t\t\t\t\t\n\t\t\t\t\t\t\t\t\t<div class=\"entry-meta delimiter-dot\">\n\t\t\t\t\t\t\t\t\t\t\t\t\t\t\t\t\n\t\t\t\t\t<\/div>\n\t\t\t\t\t\t\t\t<h4 class=\"entry-title\"><a href=\"https:\/\/mvgrombach.de\/bigband\/2025\/12\/benefizkonzert-fuer-die-aktion-menschen-in-not-im-kurhaus\/\" rel=\"bookmark\">Benefizkonzert f\u00fcr die Aktion Menschen in Not im Kurhaus<\/a><\/h4>\t\t\t\t\t<div class=\"entry-summary\">\n\t\t\t\t\t<p>Am Samstag, den 13.Dezember 2025 war es endlich so weit. Im Kurhaus in Bad Rappenau veranstaltet die MVG Big Band erneut ein [&hellip;]<\/p>\n<\/div>\n\t\t\t\t<\/div>\n\t\t\t\t\t\t\t<div class=\"blog-post col-md-12\">\n\t\t\t\t\t\t\t\t\t<div class=\"entry-thumb\">\n\t\t\t\t\t\t<a href=\"https:\/\/mvgrombach.de\/bigband\/2025\/11\/benefizkonzert-2025\/\" title=\"Benefizkonzert 2025\">\n\t\t\t\t\t\t\t<img loading=\"lazy\" decoding=\"async\" width=\"3555\" height=\"5008\" src=\"https:\/\/mvgrombach.de\/bigband\/wp-content\/uploads\/2025\/11\/Big_Band_Menschen_in_Not_2025.png\" class=\"attachment-medium-thumb size-medium-thumb wp-post-image\" alt=\"\" srcset=\"https:\/\/mvgrombach.de\/bigband\/wp-content\/uploads\/2025\/11\/Big_Band_Menschen_in_Not_2025.png 3555w, https:\/\/mvgrombach.de\/bigband\/wp-content\/uploads\/2025\/11\/Big_Band_Menschen_in_Not_2025-213x300.png 213w, https:\/\/mvgrombach.de\/bigband\/wp-content\/uploads\/2025\/11\/Big_Band_Menschen_in_Not_2025-727x1024.png 727w, https:\/\/mvgrombach.de\/bigband\/wp-content\/uploads\/2025\/11\/Big_Band_Menschen_in_Not_2025-768x1082.png 768w, https:\/\/mvgrombach.de\/bigband\/wp-content\/uploads\/2025\/11\/Big_Band_Menschen_in_Not_2025-1090x1536.png 1090w, https:\/\/mvgrombach.de\/bigband\/wp-content\/uploads\/2025\/11\/Big_Band_Menschen_in_Not_2025-1454x2048.png 1454w, https:\/\/mvgrombach.de\/bigband\/wp-content\/uploads\/2025\/11\/Big_Band_Menschen_in_Not_2025-1000x1409.png 1000w, https:\/\/mvgrombach.de\/bigband\/wp-content\/uploads\/2025\/11\/Big_Band_Menschen_in_Not_2025-230x324.png 230w, https:\/\/mvgrombach.de\/bigband\/wp-content\/uploads\/2025\/11\/Big_Band_Menschen_in_Not_2025-350x493.png 350w, https:\/\/mvgrombach.de\/bigband\/wp-content\/uploads\/2025\/11\/Big_Band_Menschen_in_Not_2025-480x676.png 480w\" sizes=\"(max-width: 3555px) 100vw, 3555px\" \/>\t\t\t\t\t\t<\/a>\t\t\t\n\t\t\t\t\t<\/div>\t\n\t\t\t\t\t\t\t\t\t\t\n\t\t\t\t\t\t\t\t\t<div class=\"entry-meta delimiter-dot\">\n\t\t\t\t\t\t\t\t\t\t\t\t\t\t\t\t\n\t\t\t\t\t<\/div>\n\t\t\t\t\t\t\t\t<h4 class=\"entry-title\"><a href=\"https:\/\/mvgrombach.de\/bigband\/2025\/11\/benefizkonzert-2025\/\" rel=\"bookmark\">Benefizkonzert 2025<\/a><\/h4>\t\t\t\t\t<div class=\"entry-summary\">\n\t\t\t\t\t<p>Dieses Konzert im Bad Rappenauer Kurhaus ist inzwischen eine sch\u00f6ne Tradition und der musikalische Jahresabschluss der Big Band. Auch in diesem Jahr [&hellip;]<\/p>\n<\/div>\n\t\t\t\t<\/div>\n\t\t\t\t\t\t\t<div class=\"blog-post col-md-12\">\n\t\t\t\t\t\t\t\t\t<div class=\"entry-thumb\">\n\t\t\t\t\t\t<a href=\"https:\/\/mvgrombach.de\/bigband\/2022\/08\/mvg-big-band-eroeffnet-das-parkfest-in-bad-rappenau\/\" title=\"MVG Big Band er\u00f6ffnet das Parkfest in Bad Rappenau\">\n\t\t\t\t\t\t\t<img loading=\"lazy\" decoding=\"async\" width=\"1524\" height=\"1375\" src=\"https:\/\/mvgrombach.de\/bigband\/wp-content\/uploads\/2022\/08\/IMG_6816_klein.jpg\" class=\"attachment-medium-thumb size-medium-thumb wp-post-image\" alt=\"\" srcset=\"https:\/\/mvgrombach.de\/bigband\/wp-content\/uploads\/2022\/08\/IMG_6816_klein.jpg 1524w, https:\/\/mvgrombach.de\/bigband\/wp-content\/uploads\/2022\/08\/IMG_6816_klein-300x271.jpg 300w, https:\/\/mvgrombach.de\/bigband\/wp-content\/uploads\/2022\/08\/IMG_6816_klein-1024x924.jpg 1024w, https:\/\/mvgrombach.de\/bigband\/wp-content\/uploads\/2022\/08\/IMG_6816_klein-768x693.jpg 768w, https:\/\/mvgrombach.de\/bigband\/wp-content\/uploads\/2022\/08\/IMG_6816_klein-830x749.jpg 830w, https:\/\/mvgrombach.de\/bigband\/wp-content\/uploads\/2022\/08\/IMG_6816_klein-230x208.jpg 230w, https:\/\/mvgrombach.de\/bigband\/wp-content\/uploads\/2022\/08\/IMG_6816_klein-350x316.jpg 350w, https:\/\/mvgrombach.de\/bigband\/wp-content\/uploads\/2022\/08\/IMG_6816_klein-480x433.jpg 480w\" sizes=\"(max-width: 1524px) 100vw, 1524px\" \/>\t\t\t\t\t\t<\/a>\t\t\t\n\t\t\t\t\t<\/div>\t\n\t\t\t\t\t\t\t\t\t\t\n\t\t\t\t\t\t\t\t\t<div class=\"entry-meta delimiter-dot\">\n\t\t\t\t\t\t\t\t\t\t\t\t\t\t\t\t\n\t\t\t\t\t<\/div>\n\t\t\t\t\t\t\t\t<h4 class=\"entry-title\"><a href=\"https:\/\/mvgrombach.de\/bigband\/2022\/08\/mvg-big-band-eroeffnet-das-parkfest-in-bad-rappenau\/\" rel=\"bookmark\">MVG Big Band er\u00f6ffnet das Parkfest in Bad Rappenau<\/a><\/h4>\t\t\t\t\t<div class=\"entry-summary\">\n\t\t\t\t\t<p>An einem perfekten Sommertag durfte die MVG Big Band am Samstag, den 06.Juli 2022 das Parkfest im Bad Rappenauer Kurpark er\u00f6ffnen. Um [&hellip;]<\/p>\n<\/div>\n\t\t\t\t<\/div>\n\t\t\t\t\t\t\t<div class=\"blog-post col-md-12\">\n\t\t\t\t\t\t\t\t\t<div class=\"entry-thumb\">\n\t\t\t\t\t\t<a href=\"https:\/\/mvgrombach.de\/bigband\/2022\/07\/filmmusik-im-big-band-sound-auf-der-gartenschau-in-eppingen\/\" title=\"Filmmusik im Big Band Sound auf der Gartenschau in Eppingen\">\n\t\t\t\t\t\t\t<img loading=\"lazy\" decoding=\"async\" width=\"1200\" height=\"1697\" src=\"https:\/\/mvgrombach.de\/bigband\/wp-content\/uploads\/2022\/07\/Plakat-Gartenschau.jpg\" class=\"attachment-medium-thumb size-medium-thumb wp-post-image\" alt=\"\" srcset=\"https:\/\/mvgrombach.de\/bigband\/wp-content\/uploads\/2022\/07\/Plakat-Gartenschau.jpg 1200w, https:\/\/mvgrombach.de\/bigband\/wp-content\/uploads\/2022\/07\/Plakat-Gartenschau-212x300.jpg 212w, https:\/\/mvgrombach.de\/bigband\/wp-content\/uploads\/2022\/07\/Plakat-Gartenschau-724x1024.jpg 724w, https:\/\/mvgrombach.de\/bigband\/wp-content\/uploads\/2022\/07\/Plakat-Gartenschau-768x1086.jpg 768w, https:\/\/mvgrombach.de\/bigband\/wp-content\/uploads\/2022\/07\/Plakat-Gartenschau-1086x1536.jpg 1086w, https:\/\/mvgrombach.de\/bigband\/wp-content\/uploads\/2022\/07\/Plakat-Gartenschau-830x1174.jpg 830w, https:\/\/mvgrombach.de\/bigband\/wp-content\/uploads\/2022\/07\/Plakat-Gartenschau-230x325.jpg 230w, https:\/\/mvgrombach.de\/bigband\/wp-content\/uploads\/2022\/07\/Plakat-Gartenschau-350x495.jpg 350w, https:\/\/mvgrombach.de\/bigband\/wp-content\/uploads\/2022\/07\/Plakat-Gartenschau-480x679.jpg 480w\" sizes=\"(max-width: 1200px) 100vw, 1200px\" \/>\t\t\t\t\t\t<\/a>\t\t\t\n\t\t\t\t\t<\/div>\t\n\t\t\t\t\t\t\t\t\t\t\n\t\t\t\t\t\t\t\t\t<div class=\"entry-meta delimiter-dot\">\n\t\t\t\t\t\t\t\t\t\t\t\t\t\t\t\t\n\t\t\t\t\t<\/div>\n\t\t\t\t\t\t\t\t<h4 class=\"entry-title\"><a href=\"https:\/\/mvgrombach.de\/bigband\/2022\/07\/filmmusik-im-big-band-sound-auf-der-gartenschau-in-eppingen\/\" rel=\"bookmark\">Filmmusik im Big Band Sound auf der Gartenschau in Eppingen<\/a><\/h4>\t\t\t\t\t<div class=\"entry-summary\">\n\t\t\t\t\t<p>Die Gartenschau in Eppingen ist in vollem Gange. Inzwischen haben bereits alle drei Orchester des Musikvereins Grombach dort gespielt.\u00a0 Am\u00a023.Juli\u00a0ist die Gartenschau [&hellip;]<\/p>\n<\/div>\n\t\t\t\t<\/div>\n\t\t\t\t\t\t\t<div class=\"blog-post col-md-12\">\n\t\t\t\t\t\t\t\t\t<div class=\"entry-thumb\">\n\t\t\t\t\t\t<a href=\"https:\/\/mvgrombach.de\/bigband\/2021\/11\/konzerterloes-geht-an-die-aktion-menschen-in-not-benefizkonzert-mit-der-mvg-big-band\/\" title=\"Verschoben: Konzerterl\u00f6s geht an die Aktion \u201eMenschen in Not\u201c Benefizkonzert mit der MVG Big Band\">\n\t\t\t\t\t\t\t<img loading=\"lazy\" decoding=\"async\" width=\"1523\" height=\"1166\" src=\"https:\/\/mvgrombach.de\/bigband\/wp-content\/uploads\/2021\/11\/Ehrung2021_003MS.jpg\" class=\"attachment-medium-thumb size-medium-thumb wp-post-image\" alt=\"\" srcset=\"https:\/\/mvgrombach.de\/bigband\/wp-content\/uploads\/2021\/11\/Ehrung2021_003MS.jpg 1523w, https:\/\/mvgrombach.de\/bigband\/wp-content\/uploads\/2021\/11\/Ehrung2021_003MS-300x230.jpg 300w, https:\/\/mvgrombach.de\/bigband\/wp-content\/uploads\/2021\/11\/Ehrung2021_003MS-768x588.jpg 768w, https:\/\/mvgrombach.de\/bigband\/wp-content\/uploads\/2021\/11\/Ehrung2021_003MS-1024x784.jpg 1024w, https:\/\/mvgrombach.de\/bigband\/wp-content\/uploads\/2021\/11\/Ehrung2021_003MS-830x635.jpg 830w, https:\/\/mvgrombach.de\/bigband\/wp-content\/uploads\/2021\/11\/Ehrung2021_003MS-230x176.jpg 230w, https:\/\/mvgrombach.de\/bigband\/wp-content\/uploads\/2021\/11\/Ehrung2021_003MS-350x268.jpg 350w, https:\/\/mvgrombach.de\/bigband\/wp-content\/uploads\/2021\/11\/Ehrung2021_003MS-480x367.jpg 480w\" sizes=\"(max-width: 1523px) 100vw, 1523px\" \/>\t\t\t\t\t\t<\/a>\t\t\t\n\t\t\t\t\t<\/div>\t\n\t\t\t\t\t\t\t\t\t\t\n\t\t\t\t\t\t\t\t\t<div class=\"entry-meta delimiter-dot\">\n\t\t\t\t\t\t\t\t\t\t\t\t\t\t\t\t\n\t\t\t\t\t<\/div>\n\t\t\t\t\t\t\t\t<h4 class=\"entry-title\"><a href=\"https:\/\/mvgrombach.de\/bigband\/2021\/11\/konzerterloes-geht-an-die-aktion-menschen-in-not-benefizkonzert-mit-der-mvg-big-band\/\" rel=\"bookmark\">Verschoben: Konzerterl\u00f6s geht an die Aktion \u201eMenschen in Not\u201c Benefizkonzert mit der MVG Big Band<\/a><\/h4>\t\t\t\t\t<div class=\"entry-summary\">\n\t\t\t\t\t<p>Dieser Text wurde f\u00fcr das Konzert am 11.12.2022 aktualisiert. Die MVG Big Band aus Bad Rappenau-Grombach ist eine Big Band im klassischen [&hellip;]<\/p>\n<\/div>\n\t\t\t\t<\/div>\n\t\t\t\t\t\t\t<div class=\"blog-post col-md-12\">\n\t\t\t\t\t\t\t\t\t<div class=\"entry-thumb\">\n\t\t\t\t\t\t<a href=\"https:\/\/mvgrombach.de\/bigband\/2021\/11\/mvg-big-band-beim-jubilaeum-des-chorverbands-elsenzgau\/\" title=\"MVG Big Band beim Jubil\u00e4um des Chorverbands Elsenzgau\">\n\t\t\t\t\t\t\t<img loading=\"lazy\" decoding=\"async\" width=\"1424\" height=\"1105\" src=\"https:\/\/mvgrombach.de\/bigband\/wp-content\/uploads\/2021\/11\/Ehrung2021_013_MS.jpg\" class=\"attachment-medium-thumb size-medium-thumb wp-post-image\" alt=\"\" srcset=\"https:\/\/mvgrombach.de\/bigband\/wp-content\/uploads\/2021\/11\/Ehrung2021_013_MS.jpg 1424w, https:\/\/mvgrombach.de\/bigband\/wp-content\/uploads\/2021\/11\/Ehrung2021_013_MS-300x233.jpg 300w, https:\/\/mvgrombach.de\/bigband\/wp-content\/uploads\/2021\/11\/Ehrung2021_013_MS-768x596.jpg 768w, https:\/\/mvgrombach.de\/bigband\/wp-content\/uploads\/2021\/11\/Ehrung2021_013_MS-1024x795.jpg 1024w, https:\/\/mvgrombach.de\/bigband\/wp-content\/uploads\/2021\/11\/Ehrung2021_013_MS-830x644.jpg 830w, https:\/\/mvgrombach.de\/bigband\/wp-content\/uploads\/2021\/11\/Ehrung2021_013_MS-230x178.jpg 230w, https:\/\/mvgrombach.de\/bigband\/wp-content\/uploads\/2021\/11\/Ehrung2021_013_MS-350x272.jpg 350w, https:\/\/mvgrombach.de\/bigband\/wp-content\/uploads\/2021\/11\/Ehrung2021_013_MS-480x372.jpg 480w\" sizes=\"(max-width: 1424px) 100vw, 1424px\" \/>\t\t\t\t\t\t<\/a>\t\t\t\n\t\t\t\t\t<\/div>\t\n\t\t\t\t\t\t\t\t\t\t\n\t\t\t\t\t\t\t\t\t<div class=\"entry-meta delimiter-dot\">\n\t\t\t\t\t\t\t\t\t\t\t\t\t\t\t\t\n\t\t\t\t\t<\/div>\n\t\t\t\t\t\t\t\t<h4 class=\"entry-title\"><a href=\"https:\/\/mvgrombach.de\/bigband\/2021\/11\/mvg-big-band-beim-jubilaeum-des-chorverbands-elsenzgau\/\" rel=\"bookmark\">MVG Big Band beim Jubil\u00e4um des Chorverbands Elsenzgau<\/a><\/h4>\t\t\t\t\t<div class=\"entry-summary\">\n\t\t\t\t\t<p>Am Samstag, den 23.Oktober feierte der Chorverband Elsenzgau sein 100-j\u00e4hriges Jubil\u00e4um in Sinsheim in der Dr.-Sieber-Halle. Vor dem eigentlichen Festakt begr\u00fc\u00dften wir [&hellip;]<\/p>\n<\/div>\n\t\t\t\t<\/div>\n\t\t\t\t\t\t<\/div>\n\t\t<\/div>\n\n\t\t\t\t\t\t\t\t\t\t\t\t<a href=\"https:\/\/mvgrombach.de\/bigband\/aktuelles\/\" class=\"roll-button more-button\">Weitere Beitr\u00e4ge<\/a>\n\t\t\t\t\n\t\t\t\n\t\t\n\t\t\t\t<\/div>\n\t\t\t\t<\/div>\n\t\t\t\t\t<\/div>\n\t\t<\/div>\n\t\t\t\t\t<\/div>\n\t\t<\/section>\n\t\t\t\t<\/div>\n\t\t","protected":false},"excerpt":{"rendered":"<p>Benefizkonzert 2025 Dieses Konzert im Bad Rappenauer Kurhaus ist inzwischen eine sch\u00f6ne Tradition und der musikalische Jahresabschluss der Big Band. Auch in [&hellip;]<\/p>\n","protected":false},"author":1,"featured_media":0,"parent":0,"menu_order":0,"comment_status":"closed","ping_status":"closed","template":"page-templates\/page_front-page.php","meta":{"footnotes":""},"class_list":["post-51","page","type-page","status-publish","hentry"],"_links":{"self":[{"href":"https:\/\/mvgrombach.de\/bigband\/wp-json\/wp\/v2\/pages\/51"}],"collection":[{"href":"https:\/\/mvgrombach.de\/bigband\/wp-json\/wp\/v2\/pages"}],"about":[{"href":"https:\/\/mvgrombach.de\/bigband\/wp-json\/wp\/v2\/types\/page"}],"author":[{"embeddable":true,"href":"https:\/\/mvgrombach.de\/bigband\/wp-json\/wp\/v2\/users\/1"}],"replies":[{"embeddable":true,"href":"https:\/\/mvgrombach.de\/bigband\/wp-json\/wp\/v2\/comments?post=51"}],"version-history":[{"count":117,"href":"https:\/\/mvgrombach.de\/bigband\/wp-json\/wp\/v2\/pages\/51\/revisions"}],"predecessor-version":[{"id":751,"href":"https:\/\/mvgrombach.de\/bigband\/wp-json\/wp\/v2\/pages\/51\/revisions\/751"}],"wp:attachment":[{"href":"https:\/\/mvgrombach.de\/bigband\/wp-json\/wp\/v2\/media?parent=51"}],"curies":[{"name":"wp","href":"https:\/\/api.w.org\/{rel}","templated":true}]}}